{"id":21610,"date":"2026-04-16T23:45:07","date_gmt":"2026-04-16T21:45:07","guid":{"rendered":"https:\/\/promoelectrofrance.com\/?post_type=product&#038;p=21610"},"modified":"2026-04-16T23:50:59","modified_gmt":"2026-04-16T21:50:59","slug":"velo-electrique-pliable-wallke-h9-awd","status":"publish","type":"product","link":"https:\/\/promoelectrofrance.com\/?product=velo-electrique-pliable-wallke-h9-awd","title":{"rendered":"V\u00e9lo \u00e9lectrique pliable Wallke H9 AWD"},"content":{"rendered":"<table>\n<thead>\n<tr>\n<th><strong>Caract\u00e9ristique<\/strong><\/th>\n<th><strong>D\u00e9tails<\/strong><\/th>\n<\/tr>\n<\/thead>\n<tbody>\n<tr>\n<td><strong>Mod\u00e8le<\/strong><\/td>\n<td>H9 AWD<\/td>\n<\/tr>\n<tr>\n<td><strong>Classe<\/strong><\/td>\n<td>1. Pedelecs (v\u00e9los \u00e0 assistance \u00e9lectrique)2. Pedelecs \u00e0 grande vitesse3. V\u00e9los \u00e9lectriques \u00e0 commande d\u2019acc\u00e9l\u00e9rateur<\/td>\n<\/tr>\n<tr>\n<td><strong>Type de batterie<\/strong><\/td>\n<td>Batterie lithium-ion<\/td>\n<\/tr>\n<tr>\n<td><strong>Capacit\u00e9 de la batterie<\/strong><\/td>\n<td>48 V \/ 40 Ah (1920 Wh)48 V \/ 60 Ah (2880 Wh)48 V \/ 82 Ah (3936 Wh)<\/td>\n<\/tr>\n<tr>\n<td><strong>Marque de la cellule<\/strong><\/td>\n<td>SAMSUNG<\/td>\n<\/tr>\n<tr>\n<td><strong>Chargeur<\/strong><\/td>\n<td>40 Ah : chargeur rapide 54,6 V 6 A60 Ah : chargeur rapide intelligent 54,6 V 10 A82 Ah : un chargeur 54,6 V 10 A et un chargeur 54,6 V 3 A<\/td>\n<\/tr>\n<tr>\n<td><strong>Temps de charge<\/strong><\/td>\n<td>6 \u00e0 8 heures<\/td>\n<\/tr>\n<tr>\n<td><strong>Contr\u00f4leur<\/strong><\/td>\n<td>48 V 18 A + 22 A<\/td>\n<\/tr>\n<tr>\n<td><strong>\u00c9cran<\/strong><\/td>\n<td>\u00c9cran LCD couleur intelligent avec port USB \/ contr\u00f4le via application<\/td>\n<\/tr>\n<tr>\n<td><strong>Affichages \u00e0 l\u2019\u00e9cran<\/strong><\/td>\n<td>Niveau de batterie, vitesse actuelle, mode de conduite, \u00e9clairage allum\u00e9, compteur kilom\u00e9trique \/ odom\u00e8tre \/ vitesse maximale \/ vitesse moyenne, etc.<\/td>\n<\/tr>\n<tr>\n<td><strong>Phare<\/strong><\/td>\n<td>Phare LED 48V 1000LM, r\u00e9glable<\/td>\n<\/tr>\n<tr>\n<td><strong>Feu arri\u00e8re<\/strong><\/td>\n<td>Feu int\u00e9gr\u00e9 avec signal de freinage<\/td>\n<\/tr>\n<tr>\n<td><strong>C\u00e2bles<\/strong><\/td>\n<td>C\u00e2ble \u00e9tanche int\u00e9gr\u00e9<\/td>\n<\/tr>\n<tr>\n<td><strong>Acc\u00e9l\u00e9rateur<\/strong><\/td>\n<td>Poign\u00e9e tournante avec klaxon int\u00e9gr\u00e9<\/td>\n<\/tr>\n<tr>\n<td><strong>Capteur<\/strong><\/td>\n<td>Capteur de cadence<\/td>\n<\/tr>\n<tr>\n<td><strong>Modes de conduite<\/strong><\/td>\n<td>Entra\u00eenement simple \/ double commutable, niveaux d\u2019assistance ou acc\u00e9l\u00e9rateur, mode manuel, mode marche<\/td>\n<\/tr>\n<tr>\n<td><strong>Freins<\/strong><\/td>\n<td>Freins \u00e0 disque hydrauliques doubles \u00e0 4 pistons, avec coupure de courant<\/td>\n<\/tr>\n<tr>\n<td><strong>Rotors<\/strong><\/td>\n<td>Disques avant et arri\u00e8re de moto 203 x 3 mm<\/td>\n<\/tr>\n<tr>\n<td><strong>Angle de mont\u00e9e<\/strong><\/td>\n<td>\u2265 40\u00b0<\/td>\n<\/tr>\n<tr>\n<td><strong>Charge utile porte-bagages arri\u00e8re<\/strong><\/td>\n<td>25 kg<\/td>\n<\/tr>\n<tr>\n<td><strong>Fourche avant<\/strong><\/td>\n<td>Suspension hydraulique \u00e9paissie 20&#8243;, avec verrouillage et r\u00e9glage, aluminium<\/td>\n<\/tr>\n<tr>\n<td><strong>Amortisseur arri\u00e8re<\/strong><\/td>\n<td>Double amortisseur arri\u00e8re en aluminium<\/td>\n<\/tr>\n<tr>\n<td><strong>Jante<\/strong><\/td>\n<td>Roue magn\u00e9tique<\/td>\n<\/tr>\n<tr>\n<td><strong>Pneus<\/strong><\/td>\n<td>Tout-terrain 20&#8243; x 4&#8243;, r\u00e9sistance aux crevaisons<\/td>\n<\/tr>\n<tr>\n<td><strong>Chambres \u00e0 air<\/strong><\/td>\n<td>\u00c9paissies 20&#8243; x 4.0&#8243;<\/td>\n<\/tr>\n<tr>\n<td><strong>D\u00e9railleur<\/strong><\/td>\n<td>Shimano 7 vitesses<\/td>\n<\/tr>\n<tr>\n<td><strong>Roue libre<\/strong><\/td>\n<td>7 vitesses<\/td>\n<\/tr>\n<tr>\n<td><strong>Cadre<\/strong><\/td>\n<td>Alliage d\u2019aluminium 6061 \u00e9paissi, double batterie, suspension int\u00e9grale pliable, porte-bagages int\u00e9gr\u00e9<\/td>\n<\/tr>\n<tr>\n<td><strong>Garde-boue<\/strong><\/td>\n<td>Plastique robuste \u00e0 couverture compl\u00e8te<\/td>\n<\/tr>\n<tr>\n<td><strong>Selle<\/strong><\/td>\n<td>Selle cruiser \u00e0 suspension, relevable et r\u00e9glable<\/td>\n<\/tr>\n<tr>\n<td><strong>Tige de selle<\/strong><\/td>\n<td>R\u00e9glable, 33.9 \u00d7 350 mm<\/td>\n<\/tr>\n<tr>\n<td><strong>Guidon<\/strong><\/td>\n<td>Alliage d\u2019aluminium 660 mm \u00d7 2.2 T<\/td>\n<\/tr>\n<tr>\n<td><strong>Potence<\/strong><\/td>\n<td>R\u00e9glable et verrouillable en aluminium<\/td>\n<\/tr>\n<tr>\n<td><strong>P\u00e9dalier<\/strong><\/td>\n<td>52T \u00d7 170 mm, aluminium<\/td>\n<\/tr>\n<tr>\n<td><strong>P\u00e9dales<\/strong><\/td>\n<td>Aluminium pliable avec r\u00e9flecteurs, 9\/16<\/td>\n<\/tr>\n<tr>\n<td><strong>Cha\u00eene<\/strong><\/td>\n<td>142L<\/td>\n<\/tr>\n<tr>\n<td><strong>Poids net<\/strong><\/td>\n<td>40 Ah : 45 kg60 Ah : 49 kg82 Ah : 60 kg<\/td>\n<\/tr>\n<tr>\n<td><strong>Poids brut<\/strong><\/td>\n<td>40 Ah : 61,3 kg60 Ah : 65 kg82 Ah : 70,6 kg<\/td>\n<\/tr>\n<tr>\n<td><strong>Taille pli\u00e9e<\/strong><\/td>\n<td>102 \u00d7 77 \u00d7 55 cm<\/td>\n<\/tr>\n<\/tbody>\n<\/table>\n<h3><strong>Taille<\/strong><\/h3>\n<table>\n<thead>\n<tr>\n<th><strong>Caract\u00e9ristique<\/strong><\/th>\n<th><strong>D\u00e9tails<\/strong><\/th>\n<\/tr>\n<\/thead>\n<tbody>\n<tr>\n<td><strong>Taille du cavalier recommand\u00e9e<\/strong><\/td>\n<td>174 cm ~ 200 cm<\/td>\n<\/tr>\n<tr>\n<td><strong>Capacit\u00e9 de charge utile<\/strong><\/td>\n<td>181 kg<\/td>\n<\/tr>\n<tr>\n<td><strong>Dimensions de la bo\u00eete<\/strong><\/td>\n<td>164 \u00d7 32 \u00d7 76 cm<\/td>\n<\/tr>\n<tr>\n<td><strong>A \u2013 Longueur totale<\/strong><\/td>\n<td>194 cm<\/td>\n<\/tr>\n<tr>\n<td><strong>B \u2013 Empattement<\/strong><\/td>\n<td>135 cm<\/td>\n<\/tr>\n<tr>\n<td><strong>C \u2013 Hauteur maximale du guidon<\/strong><\/td>\n<td>124 cm<\/td>\n<\/tr>\n<tr>\n<td><strong>D \u2013 Hauteur minimale du guidon<\/strong><\/td>\n<td>115 cm<\/td>\n<\/tr>\n<tr>\n<td><strong>E \u2013 Hauteur maximale du si\u00e8ge<\/strong><\/td>\n<td>90 cm<\/td>\n<\/tr>\n<tr>\n<td><strong>F \u2013 Hauteur minimale du si\u00e8ge<\/strong><\/td>\n<td>103 cm<\/td>\n<\/tr>\n<tr>\n<td><strong>G \u2013 Hauteur en surplomb<\/strong><\/td>\n<td>70 cm<\/td>\n<\/tr>\n<tr>\n<td><strong>H \u2013 Reach (distance selle-guidon)<\/strong><\/td>\n<td>60 cm<\/td>\n<\/tr>\n<tr>\n<td><strong>Poids du v\u00e9lo \u00e9lectrique<\/strong><\/td>\n<td>49 kg<\/td>\n<\/tr>\n<tr>\n<td><strong>Taille pli\u00e9e<\/strong><\/td>\n<td>102 \u00d7 55 \u00d7 77 cm<\/td>\n<\/tr>\n<tr>\n<td><strong>A \u2013 Hauteur pli\u00e9e<\/strong><\/td>\n<td>77 cm<\/td>\n<\/tr>\n<tr>\n<td><strong>B \u2013 Longueur pli\u00e9e<\/strong><\/td>\n<td>102 cm<\/td>\n<\/tr>\n<tr>\n<td><strong>F \u2013 Largeur pli\u00e9e<\/strong><\/td>\n<td>55 cm<\/td>\n<\/tr>\n<\/tbody>\n<\/table>\n<p>&nbsp;<\/p>\n<p><img fetchpriority=\"high\" class=\"alignnone size-medium wp-image-11127 lws-optimize-lazyload\"  alt=\"\" width=\"300\" height=\"300\" \/ data-src=\"https:\/\/best-electro-tech.com\/wp-content\/uploads\/2025\/09\/1_2_118d5e61-887f-4ba3-9485-edf242e65e0c-300x300.jpg\"><\/p>\n","protected":false},"excerpt":{"rendered":"<p>\ud83d\udcaa <strong data-start=\"109\" data-end=\"135\">Double moteur puissant<\/strong> \u2013 Traction avant + arri\u00e8re, excellente mont\u00e9e<br data-start=\"181\" data-end=\"184\" \/>\ud83d\udd0b <strong data-start=\"187\" data-end=\"207\">Grande autonomie<\/strong> \u2013 Batterie jusqu\u2019\u00e0 82 Ah<br data-start=\"232\" data-end=\"235\" data-is-only-node=\"\" \/>\ud83d\udede <strong data-start=\"238\" data-end=\"267\">Pneus tout-terrain 20&#8243;x4&#8243;<\/strong> \u2013 Stabilit\u00e9 et adh\u00e9rence<br data-start=\"292\" data-end=\"295\" \/>\ud83d\udee0\ufe0f <strong data-start=\"299\" data-end=\"329\">Cadre pliable en aluminium<\/strong> \u2013 Solide et pratique<\/p>\n","protected":false},"featured_media":21687,"comment_status":"open","ping_status":"closed","template":"","meta":[],"product_brand":[],"product_cat":[198,204],"product_tag":[],"class_list":{"0":"post-21610","1":"product","2":"type-product","3":"status-publish","4":"has-post-thumbnail","6":"product_cat-velos-electriques","7":"product_cat-vtt-electrique","10":"first","11":"instock","12":"sale","13":"shipping-taxable","14":"purchasable","15":"product-type-variable"},"yoast_head":"<!-- This site is optimized with the Yoast SEO plugin v27.3 - https:\/\/yoast.com\/product\/yoast-seo-wordpress\/ -->\n<title>V\u00e9lo \u00e9lectrique pliable Wallke H9 AWD - Promo Electro France<\/title>\n<meta name=\"robots\" content=\"index, follow, max-snippet:-1, max-image-preview:large, max-video-preview:-1\" \/>\n<link rel=\"canonical\" href=\"https:\/\/promoelectrofrance.com\/?product=velo-electrique-pliable-wallke-h9-awd\" \/>\n<meta property=\"og:locale\" content=\"fr_FR\" \/>\n<meta property=\"og:type\" content=\"article\" \/>\n<meta property=\"og:title\" content=\"V\u00e9lo \u00e9lectrique pliable Wallke H9 AWD - Promo Electro France\" \/>\n<meta property=\"og:description\" content=\"\ud83d\udcaa Double moteur puissant \u2013 Traction avant + arri\u00e8re, excellente mont\u00e9e\ud83d\udd0b Grande autonomie \u2013 Batterie jusqu\u2019\u00e0 82 Ah\ud83d\udede Pneus tout-terrain 20&quot;x4&quot; \u2013 Stabilit\u00e9 et adh\u00e9rence\ud83d\udee0\ufe0f Cadre pliable en aluminium \u2013 Solide et pratique\" \/>\n<meta property=\"og:url\" content=\"https:\/\/promoelectrofrance.com\/?product=velo-electrique-pliable-wallke-h9-awd\" \/>\n<meta property=\"og:site_name\" content=\"Promo Electro France\" \/>\n<meta property=\"article:modified_time\" content=\"2026-04-16T21:50:59+00:00\" \/>\n<meta name=\"twitter:card\" content=\"summary_large_image\" \/>\n<meta name=\"twitter:label1\" content=\"Dur\u00e9e de lecture estim\u00e9e\" \/>\n\t<meta name=\"twitter:data1\" content=\"2 minutes\" \/>\n<script type=\"application\/ld+json\" class=\"yoast-schema-graph\">{\"@context\":\"https:\\\/\\\/schema.org\",\"@graph\":[{\"@type\":\"WebPage\",\"@id\":\"https:\\\/\\\/promoelectrofrance.com\\\/?product=velo-electrique-pliable-wallke-h9-awd\",\"url\":\"https:\\\/\\\/promoelectrofrance.com\\\/?product=velo-electrique-pliable-wallke-h9-awd\",\"name\":\"V\u00e9lo \u00e9lectrique pliable Wallke H9 AWD - Promo Electro France\",\"isPartOf\":{\"@id\":\"https:\\\/\\\/promoelectrofrance.com\\\/#website\"},\"primaryImageOfPage\":{\"@id\":\"https:\\\/\\\/promoelectrofrance.com\\\/?product=velo-electrique-pliable-wallke-h9-awd#primaryimage\"},\"image\":{\"@id\":\"https:\\\/\\\/promoelectrofrance.com\\\/?product=velo-electrique-pliable-wallke-h9-awd#primaryimage\"},\"thumbnailUrl\":\"https:\\\/\\\/promoelectrofrance.com\\\/wp-content\\\/uploads\\\/2026\\\/04\\\/h9_a929a956-9336-4d64-82fb-ec8d23b0633a-1.jpeg\",\"datePublished\":\"2026-04-16T21:45:07+00:00\",\"dateModified\":\"2026-04-16T21:50:59+00:00\",\"breadcrumb\":{\"@id\":\"https:\\\/\\\/promoelectrofrance.com\\\/?product=velo-electrique-pliable-wallke-h9-awd#breadcrumb\"},\"inLanguage\":\"fr-FR\",\"potentialAction\":[{\"@type\":\"ReadAction\",\"target\":[\"https:\\\/\\\/promoelectrofrance.com\\\/?product=velo-electrique-pliable-wallke-h9-awd\"]}]},{\"@type\":\"ImageObject\",\"inLanguage\":\"fr-FR\",\"@id\":\"https:\\\/\\\/promoelectrofrance.com\\\/?product=velo-electrique-pliable-wallke-h9-awd#primaryimage\",\"url\":\"https:\\\/\\\/promoelectrofrance.com\\\/wp-content\\\/uploads\\\/2026\\\/04\\\/h9_a929a956-9336-4d64-82fb-ec8d23b0633a-1.jpeg\",\"contentUrl\":\"https:\\\/\\\/promoelectrofrance.com\\\/wp-content\\\/uploads\\\/2026\\\/04\\\/h9_a929a956-9336-4d64-82fb-ec8d23b0633a-1.jpeg\",\"width\":1000,\"height\":1000},{\"@type\":\"BreadcrumbList\",\"@id\":\"https:\\\/\\\/promoelectrofrance.com\\\/?product=velo-electrique-pliable-wallke-h9-awd#breadcrumb\",\"itemListElement\":[{\"@type\":\"ListItem\",\"position\":1,\"name\":\"Accueil\",\"item\":\"https:\\\/\\\/promoelectrofrance.com\\\/\"},{\"@type\":\"ListItem\",\"position\":2,\"name\":\"Boutique\",\"item\":\"https:\\\/\\\/promoelectrofrance.com\\\/?page_id=8\"},{\"@type\":\"ListItem\",\"position\":3,\"name\":\"V\u00e9lo \u00e9lectrique pliable Wallke H9 AWD\"}]},{\"@type\":\"WebSite\",\"@id\":\"https:\\\/\\\/promoelectrofrance.com\\\/#website\",\"url\":\"https:\\\/\\\/promoelectrofrance.com\\\/\",\"name\":\"Promo Electro France\",\"description\":\"\",\"potentialAction\":[{\"@type\":\"SearchAction\",\"target\":{\"@type\":\"EntryPoint\",\"urlTemplate\":\"https:\\\/\\\/promoelectrofrance.com\\\/?s={search_term_string}\"},\"query-input\":{\"@type\":\"PropertyValueSpecification\",\"valueRequired\":true,\"valueName\":\"search_term_string\"}}],\"inLanguage\":\"fr-FR\"}]}<\/script>\n<!-- \/ Yoast SEO plugin. -->","yoast_head_json":{"title":"V\u00e9lo \u00e9lectrique pliable Wallke H9 AWD - Promo Electro France","robots":{"index":"index","follow":"follow","max-snippet":"max-snippet:-1","max-image-preview":"max-image-preview:large","max-video-preview":"max-video-preview:-1"},"canonical":"https:\/\/promoelectrofrance.com\/?product=velo-electrique-pliable-wallke-h9-awd","og_locale":"fr_FR","og_type":"article","og_title":"V\u00e9lo \u00e9lectrique pliable Wallke H9 AWD - Promo Electro France","og_description":"\ud83d\udcaa Double moteur puissant \u2013 Traction avant + arri\u00e8re, excellente mont\u00e9e\ud83d\udd0b Grande autonomie \u2013 Batterie jusqu\u2019\u00e0 82 Ah\ud83d\udede Pneus tout-terrain 20\"x4\" \u2013 Stabilit\u00e9 et adh\u00e9rence\ud83d\udee0\ufe0f Cadre pliable en aluminium \u2013 Solide et pratique","og_url":"https:\/\/promoelectrofrance.com\/?product=velo-electrique-pliable-wallke-h9-awd","og_site_name":"Promo Electro France","article_modified_time":"2026-04-16T21:50:59+00:00","twitter_card":"summary_large_image","twitter_misc":{"Dur\u00e9e de lecture estim\u00e9e":"2 minutes"},"schema":{"@context":"https:\/\/schema.org","@graph":[{"@type":"WebPage","@id":"https:\/\/promoelectrofrance.com\/?product=velo-electrique-pliable-wallke-h9-awd","url":"https:\/\/promoelectrofrance.com\/?product=velo-electrique-pliable-wallke-h9-awd","name":"V\u00e9lo \u00e9lectrique pliable Wallke H9 AWD - Promo Electro France","isPartOf":{"@id":"https:\/\/promoelectrofrance.com\/#website"},"primaryImageOfPage":{"@id":"https:\/\/promoelectrofrance.com\/?product=velo-electrique-pliable-wallke-h9-awd#primaryimage"},"image":{"@id":"https:\/\/promoelectrofrance.com\/?product=velo-electrique-pliable-wallke-h9-awd#primaryimage"},"thumbnailUrl":"https:\/\/promoelectrofrance.com\/wp-content\/uploads\/2026\/04\/h9_a929a956-9336-4d64-82fb-ec8d23b0633a-1.jpeg","datePublished":"2026-04-16T21:45:07+00:00","dateModified":"2026-04-16T21:50:59+00:00","breadcrumb":{"@id":"https:\/\/promoelectrofrance.com\/?product=velo-electrique-pliable-wallke-h9-awd#breadcrumb"},"inLanguage":"fr-FR","potentialAction":[{"@type":"ReadAction","target":["https:\/\/promoelectrofrance.com\/?product=velo-electrique-pliable-wallke-h9-awd"]}]},{"@type":"ImageObject","inLanguage":"fr-FR","@id":"https:\/\/promoelectrofrance.com\/?product=velo-electrique-pliable-wallke-h9-awd#primaryimage","url":"https:\/\/promoelectrofrance.com\/wp-content\/uploads\/2026\/04\/h9_a929a956-9336-4d64-82fb-ec8d23b0633a-1.jpeg","contentUrl":"https:\/\/promoelectrofrance.com\/wp-content\/uploads\/2026\/04\/h9_a929a956-9336-4d64-82fb-ec8d23b0633a-1.jpeg","width":1000,"height":1000},{"@type":"BreadcrumbList","@id":"https:\/\/promoelectrofrance.com\/?product=velo-electrique-pliable-wallke-h9-awd#breadcrumb","itemListElement":[{"@type":"ListItem","position":1,"name":"Accueil","item":"https:\/\/promoelectrofrance.com\/"},{"@type":"ListItem","position":2,"name":"Boutique","item":"https:\/\/promoelectrofrance.com\/?page_id=8"},{"@type":"ListItem","position":3,"name":"V\u00e9lo \u00e9lectrique pliable Wallke H9 AWD"}]},{"@type":"WebSite","@id":"https:\/\/promoelectrofrance.com\/#website","url":"https:\/\/promoelectrofrance.com\/","name":"Promo Electro France","description":"","potentialAction":[{"@type":"SearchAction","target":{"@type":"EntryPoint","urlTemplate":"https:\/\/promoelectrofrance.com\/?s={search_term_string}"},"query-input":{"@type":"PropertyValueSpecification","valueRequired":true,"valueName":"search_term_string"}}],"inLanguage":"fr-FR"}]}},"_links":{"self":[{"href":"https:\/\/promoelectrofrance.com\/index.php?rest_route=\/wp\/v2\/product\/21610","targetHints":{"allow":["GET"]}}],"collection":[{"href":"https:\/\/promoelectrofrance.com\/index.php?rest_route=\/wp\/v2\/product"}],"about":[{"href":"https:\/\/promoelectrofrance.com\/index.php?rest_route=\/wp\/v2\/types\/product"}],"replies":[{"embeddable":true,"href":"https:\/\/promoelectrofrance.com\/index.php?rest_route=%2Fwp%2Fv2%2Fcomments&post=21610"}],"version-history":[{"count":0,"href":"https:\/\/promoelectrofrance.com\/index.php?rest_route=\/wp\/v2\/product\/21610\/revisions"}],"wp:featuredmedia":[{"embeddable":true,"href":"https:\/\/promoelectrofrance.com\/index.php?rest_route=\/wp\/v2\/media\/21687"}],"wp:attachment":[{"href":"https:\/\/promoelectrofrance.com\/index.php?rest_route=%2Fwp%2Fv2%2Fmedia&parent=21610"}],"wp:term":[{"taxonomy":"product_brand","embeddable":true,"href":"https:\/\/promoelectrofrance.com\/index.php?rest_route=%2Fwp%2Fv2%2Fproduct_brand&post=21610"},{"taxonomy":"product_cat","embeddable":true,"href":"https:\/\/promoelectrofrance.com\/index.php?rest_route=%2Fwp%2Fv2%2Fproduct_cat&post=21610"},{"taxonomy":"product_tag","embeddable":true,"href":"https:\/\/promoelectrofrance.com\/index.php?rest_route=%2Fwp%2Fv2%2Fproduct_tag&post=21610"}],"curies":[{"name":"wp","href":"https:\/\/api.w.org\/{rel}","templated":true}]}}