{"id":21588,"date":"2026-04-16T23:44:04","date_gmt":"2026-04-16T21:44:04","guid":{"rendered":"https:\/\/promoelectrofrance.com\/?post_type=product&#038;p=21588"},"modified":"2026-04-16T23:48:11","modified_gmt":"2026-04-16T21:48:11","slug":"velo-electrique-pliable-avdl-a01","status":"publish","type":"product","link":"https:\/\/promoelectrofrance.com\/?product=velo-electrique-pliable-avdl-a01","title":{"rendered":"v\u00e9lo \u00e9lectrique pliable AVDL A01"},"content":{"rendered":"<table class=\"table table--fpDescTb\" role=\"table\" aria-label=\"Caract\u00e9ristiques du produit\">\n<caption class=\"u-visually-hidden\">Tableau de caract\u00e9ristiques du produit<\/caption>\n<thead class=\"table__header u-visually-hidden\" role=\"rowgroup\">\n<tr class=\"table__row\" role=\"row\">\n<th class=\"table__cell\" role=\"columnheader\" scope=\"col\" aria-sort=\"none\" aria-rowindex=\"1\">Caract\u00e9ristique<\/th>\n<th class=\"table__cell\" role=\"columnheader\" scope=\"col\" aria-sort=\"none\" aria-rowindex=\"1\">Description<\/th>\n<\/tr>\n<\/thead>\n<tbody class=\"table__body\" role=\"rowgroup\">\n<tr class=\"table__row\" role=\"row\">\n<th class=\"table__head\" role=\"cell\" colspan=\"2\" scope=\"col\">Informations g\u00e9n\u00e9rales sur le produit<\/th>\n<\/tr>\n<tr class=\"table__row\" role=\"row\">\n<th class=\"table__cell\" role=\"cell\" scope=\"row\">Marque<\/th>\n<td class=\"table__cell\" role=\"cell\">AVDLEU<\/td>\n<\/tr>\n<tr class=\"table__row\" role=\"row\">\n<th class=\"table__cell\" role=\"cell\" scope=\"row\">Nom du produit<\/th>\n<td class=\"table__cell\" role=\"cell\">AVDLEU &#8211; V\u00e9lo Electrique Pliable 14&#8243; &#8211; Moteur 250W &#8211; Vitesse 25km\/h &#8211; Batterie 36V 6.4Ah &#8211; Autonomie 15-25km (Mode ASSIST) &#8211; Blanc<\/td>\n<\/tr>\n<tr class=\"table__row\" role=\"row\">\n<th class=\"table__cell\" role=\"cell\" scope=\"row\">Cat\u00e9gorie<\/th>\n<td class=\"table__cell\" role=\"cell\">V\u00c9LO ASSISTANCE \u00c9LEC<\/td>\n<\/tr>\n<tr class=\"table__row\" role=\"row\">\n<th class=\"table__head\" role=\"cell\" colspan=\"2\" scope=\"col\">Sp\u00e9cificit\u00e9s Web D\u00e9stockage<\/th>\n<\/tr>\n<tr class=\"table__row\" role=\"row\">\n<th class=\"table__cell\" role=\"cell\" scope=\"row\">Sous-\u00e9tat<\/th>\n<td class=\"table__cell\" role=\"cell\">Neuf<\/td>\n<\/tr>\n<tr class=\"table__row\" role=\"row\">\n<th class=\"table__head\" role=\"cell\" colspan=\"2\" scope=\"col\">G\u00e9n\u00e9ral<\/th>\n<\/tr>\n<tr class=\"table__row\" role=\"row\">\n<th class=\"table__cell\" role=\"cell\" scope=\"row\">Type de Produit<\/th>\n<td class=\"table__cell\" role=\"cell\">V\u00e9lo \u00c9lectrique<\/td>\n<\/tr>\n<tr class=\"table__row\" role=\"row\">\n<th class=\"table__cell\" role=\"cell\" scope=\"row\">Genre<\/th>\n<td class=\"table__cell\" role=\"cell\">Mixte<\/td>\n<\/tr>\n<tr class=\"table__row\" role=\"row\">\n<th class=\"table__cell\" role=\"cell\" scope=\"row\">Type de public<\/th>\n<td class=\"table__cell\" role=\"cell\">Adulte<\/td>\n<\/tr>\n<tr class=\"table__row\" role=\"row\">\n<th class=\"table__cell\" role=\"cell\" scope=\"row\">Niveau de pratique<\/th>\n<td class=\"table__cell\" role=\"cell\">D\u00e9butant<\/td>\n<\/tr>\n<tr class=\"table__row\" role=\"row\">\n<th class=\"table__cell\" role=\"cell\" scope=\"row\">Sports<\/th>\n<td class=\"table__cell\" role=\"cell\">V\u00e9lo loisir<\/td>\n<\/tr>\n<tr class=\"table__row\" role=\"row\">\n<th class=\"table__cell\" role=\"cell\" scope=\"row\">Couleur(s)<\/th>\n<td class=\"table__cell\" role=\"cell\">BLACK-WHITE<\/td>\n<\/tr>\n<tr class=\"table__row\" role=\"row\">\n<th class=\"table__cell\" role=\"cell\" scope=\"row\">Certifications et normes<\/th>\n<td class=\"table__cell\" role=\"cell\">Les v\u00e9los \u00e9lectriques AVDLEU avec BMS Syst\u00e8me Protection sont conformes \u00e0 la r\u00e9glementation europ\u00e9enne et disposent d&#8217;un certificat CE.<\/td>\n<\/tr>\n<tr class=\"table__row\" role=\"row\">\n<th class=\"table__cell\" role=\"cell\" scope=\"row\">Poids (Jusqu&#8217;\u00e0)<\/th>\n<td class=\"table__cell\" role=\"cell\">120 kg<\/td>\n<\/tr>\n<tr class=\"table__row\" role=\"row\">\n<th class=\"table__cell\" role=\"cell\" scope=\"row\">Age (A partir de)<\/th>\n<td class=\"table__cell\" role=\"cell\">18 ans<\/td>\n<\/tr>\n<tr class=\"table__row\" role=\"row\">\n<th class=\"table__cell\" role=\"cell\" scope=\"row\">Op\u00e9rateur \u00e9conomique responsable de la s\u00e9curit\u00e9 du produit vendu sur la marketplace<\/th>\n<td class=\"table__cell\" role=\"cell\">Voir rubrique Infos vendeur \/ CGV &amp; Politique de retour.<\/td>\n<\/tr>\n<tr class=\"table__row\" role=\"row\">\n<th class=\"table__head\" role=\"cell\" colspan=\"2\" scope=\"col\">Informations Produits<\/th>\n<\/tr>\n<tr class=\"table__row\" role=\"row\">\n<th class=\"table__cell\" role=\"cell\" scope=\"row\">Type de v\u00e9lo<\/th>\n<td class=\"table__cell\" role=\"cell\">VTC \u00e9lectrique<\/td>\n<\/tr>\n<tr class=\"table__row\" role=\"row\">\n<th class=\"table__cell\" role=\"cell\" scope=\"row\">Terrain(s) compatible(s)<\/th>\n<td class=\"table__cell\" role=\"cell\">Asphalte<\/td>\n<\/tr>\n<tr class=\"table__row\" role=\"row\">\n<th class=\"table__head\" role=\"cell\" colspan=\"2\" scope=\"col\">Caract\u00e9ristiques<\/th>\n<\/tr>\n<tr class=\"table__row\" role=\"row\">\n<th class=\"table__cell\" role=\"cell\" scope=\"row\">Pliage \/ D\u00e9pliage<\/th>\n<td class=\"table__cell\" role=\"cell\">La conception pliable vous permet un rangement facile dans des espaces tels que la maison\/le bureau\/la voiture\u2026<\/td>\n<\/tr>\n<tr class=\"table__row\" role=\"row\">\n<th class=\"table__cell\" role=\"cell\" scope=\"row\">Syst\u00e8me d&#8217;attache<\/th>\n<td class=\"table__cell\" role=\"cell\">BMS Syst\u00e8me Protection<\/td>\n<\/tr>\n<tr class=\"table__row\" role=\"row\">\n<th class=\"table__cell\" role=\"cell\" scope=\"row\">Confort<\/th>\n<td class=\"table__cell\" role=\"cell\">Ecran LCD<\/td>\n<\/tr>\n<tr class=\"table__row\" role=\"row\">\n<th class=\"table__cell\" role=\"cell\" scope=\"row\">Porte bagage<\/th>\n<td class=\"table__cell\" role=\"cell\">Non<\/td>\n<\/tr>\n<tr class=\"table__row\" role=\"row\">\n<th class=\"table__cell\" role=\"cell\" scope=\"row\">Garde boue<\/th>\n<td class=\"table__cell\" role=\"cell\">Oui<\/td>\n<\/tr>\n<tr class=\"table__row\" role=\"row\">\n<th class=\"table__head\" role=\"cell\" colspan=\"2\" scope=\"col\">Caract\u00e9ristique techniques<\/th>\n<\/tr>\n<tr class=\"table__row\" role=\"row\">\n<th class=\"table__cell\" role=\"cell\" scope=\"row\">Frein(s)<\/th>\n<td class=\"table__cell\" role=\"cell\">Freins \u00e0 disque<\/td>\n<\/tr>\n<tr class=\"table__row\" role=\"row\">\n<th class=\"table__cell\" role=\"cell\" scope=\"row\">Syst\u00e8me de transmission<\/th>\n<td class=\"table__cell\" role=\"cell\">Direct Drive, Chain Drive Transmission<\/td>\n<\/tr>\n<tr class=\"table__row\" role=\"row\">\n<th class=\"table__cell\" role=\"cell\" scope=\"row\">P\u00e9dales \/ Bo\u00eete de p\u00e9dalier<\/th>\n<td class=\"table__cell\" role=\"cell\">Antid\u00e9rapant<\/td>\n<\/tr>\n<tr class=\"table__row\" role=\"row\">\n<th class=\"table__cell\" role=\"cell\" scope=\"row\">B\u00e9quille<\/th>\n<td class=\"table__cell\" role=\"cell\">oui<\/td>\n<\/tr>\n<tr class=\"table__row\" role=\"row\">\n<th class=\"table__cell\" role=\"cell\" scope=\"row\">Autres informations<\/th>\n<td class=\"table__cell\" role=\"cell\">Affichage LCD intelligent affiche les donn\u00e9es en temps r\u00e9el: Le pouvoir, Batterie, Mode de conduite (6-25km\/h), Distance, Vitesse, Code de d\u00e9faut, Niveau auxiliaire, Contr\u00f4le de croisi\u00e8re<\/td>\n<\/tr>\n<tr class=\"table__row\" role=\"row\">\n<th class=\"table__cell\" role=\"cell\" scope=\"row\">Position du moteur<\/th>\n<td class=\"table__cell\" role=\"cell\">Roue arri\u00e8re<\/td>\n<\/tr>\n<tr class=\"table__row\" role=\"row\">\n<th class=\"table__cell\" role=\"cell\" scope=\"row\">Moteur<\/th>\n<td class=\"table__cell\" role=\"cell\">Moyeu Arri\u00e8re<\/td>\n<\/tr>\n<tr class=\"table__row\" role=\"row\">\n<th class=\"table__head\" role=\"cell\" colspan=\"2\" scope=\"col\">Alimentation<\/th>\n<\/tr>\n<tr class=\"table__row\" role=\"row\">\n<th class=\"table__cell\" role=\"cell\" scope=\"row\">Type d&#8217;alimentation<\/th>\n<td class=\"table__cell\" role=\"cell\">Electrique<\/td>\n<\/tr>\n<tr class=\"table__row\" role=\"row\">\n<th class=\"table__cell\" role=\"cell\" scope=\"row\">Batterie<\/th>\n<td class=\"table__cell\" role=\"cell\">batterie au lithium-ion de haute capacit\u00e9 de 6.4AH Batterie<\/td>\n<\/tr>\n<tr class=\"table__row\" role=\"row\">\n<th class=\"table__cell\" role=\"cell\" scope=\"row\">Autonomie<\/th>\n<td class=\"table__cell\" role=\"cell\">Autonomie Max 15-25km (Mode ASSIST)<\/td>\n<\/tr>\n<tr class=\"table__row\" role=\"row\">\n<th class=\"table__cell\" role=\"cell\" scope=\"row\">Moteur<\/th>\n<td class=\"table__cell\" role=\"cell\">Moteur brushless puissant 250W\/36V<\/td>\n<\/tr>\n<tr class=\"table__row\" role=\"row\">\n<th class=\"table__head\" role=\"cell\" colspan=\"2\" scope=\"col\">Caract\u00e9ristiques de l&#8217;\u00e9clairage<\/th>\n<\/tr>\n<tr class=\"table__row\" role=\"row\">\n<th class=\"table__cell\" role=\"cell\" scope=\"row\">Eclairage<\/th>\n<td class=\"table__cell\" role=\"cell\">Avant et arri\u00e8re<\/td>\n<\/tr>\n<tr class=\"table__row\" role=\"row\">\n<th class=\"table__head\" role=\"cell\" colspan=\"2\" scope=\"col\">Dimensions et Poids<\/th>\n<\/tr>\n<tr class=\"table__row\" role=\"row\">\n<th class=\"table__cell\" role=\"cell\" scope=\"row\">Poids<\/th>\n<td class=\"table__cell\" role=\"cell\">19,5kg<\/td>\n<\/tr>\n<tr class=\"table__row\" role=\"row\">\n<th class=\"table__head\" role=\"cell\" colspan=\"2\" scope=\"col\">Divers<\/th>\n<\/tr>\n<tr class=\"table__row\" role=\"row\">\n<th class=\"table__cell\" role=\"cell\" scope=\"row\">Montage<\/th>\n<td class=\"table__cell\" role=\"cell\">A monter soi-m\u00eame<\/td>\n<\/tr>\n<tr class=\"table__row\" role=\"row\">\n<th class=\"table__cell\" role=\"cell\" scope=\"row\">Type de montage<\/th>\n<td class=\"table__cell\" role=\"cell\">Livr\u00e9 semi-mont\u00e9 (Pour toute question, vous pouvez contacter le service client pour obtenir la vid\u00e9o de montage du produit.)<\/td>\n<\/tr>\n<tr class=\"table__row\" role=\"row\">\n<th class=\"table__cell\" role=\"cell\" scope=\"row\">Conseils d&#8217;utilisation<\/th>\n<td class=\"table__cell\" role=\"cell\">\u00c0 utiliser avec un \u00e9quipement de protection.<\/td>\n<\/tr>\n<tr class=\"table__row\" role=\"row\">\n<th class=\"table__cell\" role=\"cell\" scope=\"row\">Conseil d&#8217;entretien<\/th>\n<td class=\"table__cell\" role=\"cell\">Attention: Ne pas utiliser \u00e0 proximit\u00e9 des lignes \u00e9lectriques ou pendant un orage.<\/td>\n<\/tr>\n<tr class=\"table__row\" role=\"row\">\n<th class=\"table__head\" role=\"cell\" colspan=\"2\" scope=\"col\">Vos garanties incluses<\/th>\n<\/tr>\n<tr class=\"table__row\" role=\"row\">\n<th class=\"table__cell\" role=\"cell\" scope=\"row\">Garantie (\u00b2)<\/th>\n<td class=\"table__cell\" role=\"cell\">2 ans<\/td>\n<\/tr>\n<\/tbody>\n<\/table>\n","protected":false},"excerpt":{"rendered":"<ul>\n<li>\u26a1 <strong data-start=\"86\" data-end=\"114\">Moteur 250W (500W cr\u00eate)<\/strong> \u2013 Jusqu\u2019\u00e0 <strong data-start=\"125\" data-end=\"136\">32 km\/h<\/strong> d\u00e9brid\u00e9, id\u00e9al en ville.<\/li>\n<li>\ud83d\uded1 <strong data-start=\"170\" data-end=\"193\">Freins hydrauliques<\/strong> \u2013 S\u00e9curit\u00e9 et contr\u00f4le optimal.<\/li>\n<li>\u2705 <strong data-start=\"233\" data-end=\"261\">Certifications compl\u00e8tes<\/strong> \u2013 EN15194, CE, ROHS, UL2849.<\/li>\n<li>\ud83d\udd0b <strong data-start=\"299\" data-end=\"330\">Batterie 36V 6,4Ah amovible<\/strong> \u2013 <strong data-start=\"333\" data-end=\"345\">20-30 km<\/strong> d\u2019autonomie assist\u00e9e.<\/li>\n<\/ul>\n","protected":false},"featured_media":21659,"comment_status":"open","ping_status":"closed","template":"","meta":[],"product_brand":[208],"product_cat":[207,198,199],"product_tag":[],"class_list":{"0":"post-21588","1":"product","2":"type-product","3":"status-publish","4":"has-post-thumbnail","6":"product_brand-avdl","7":"product_cat-velo-electrique-de-ville","8":"product_cat-velos-electriques","9":"product_cat-vtc-electrique","12":"first","13":"instock","14":"sale","15":"shipping-taxable","16":"purchasable","17":"product-type-variable"},"yoast_head":"<!-- This site is optimized with the Yoast SEO plugin v27.3 - https:\/\/yoast.com\/product\/yoast-seo-wordpress\/ -->\n<title>v\u00e9lo \u00e9lectrique pliable AVDL A01 - Promo Electro France<\/title>\n<meta name=\"robots\" content=\"index, follow, max-snippet:-1, max-image-preview:large, max-video-preview:-1\" \/>\n<link rel=\"canonical\" href=\"https:\/\/promoelectrofrance.com\/?product=velo-electrique-pliable-avdl-a01\" \/>\n<meta property=\"og:locale\" content=\"fr_FR\" \/>\n<meta property=\"og:type\" content=\"article\" \/>\n<meta property=\"og:title\" content=\"v\u00e9lo \u00e9lectrique pliable AVDL A01 - Promo Electro France\" \/>\n<meta property=\"og:description\" content=\"\u26a1 Moteur 250W (500W cr\u00eate) \u2013 Jusqu\u2019\u00e0 32 km\/h d\u00e9brid\u00e9, id\u00e9al en ville.  \ud83d\uded1 Freins hydrauliques \u2013 S\u00e9curit\u00e9 et contr\u00f4le optimal.  \u2705 Certifications compl\u00e8tes \u2013 EN15194, CE, ROHS, UL2849.  \ud83d\udd0b Batterie 36V 6,4Ah amovible \u2013 20-30 km d\u2019autonomie assist\u00e9e.\" \/>\n<meta property=\"og:url\" content=\"https:\/\/promoelectrofrance.com\/?product=velo-electrique-pliable-avdl-a01\" \/>\n<meta property=\"og:site_name\" content=\"Promo Electro France\" \/>\n<meta property=\"article:modified_time\" content=\"2026-04-16T21:48:11+00:00\" \/>\n<meta name=\"twitter:card\" content=\"summary_large_image\" \/>\n<meta name=\"twitter:label1\" content=\"Dur\u00e9e de lecture estim\u00e9e\" \/>\n\t<meta name=\"twitter:data1\" content=\"2 minutes\" \/>\n<script type=\"application\/ld+json\" class=\"yoast-schema-graph\">{\"@context\":\"https:\\\/\\\/schema.org\",\"@graph\":[{\"@type\":\"WebPage\",\"@id\":\"https:\\\/\\\/promoelectrofrance.com\\\/?product=velo-electrique-pliable-avdl-a01\",\"url\":\"https:\\\/\\\/promoelectrofrance.com\\\/?product=velo-electrique-pliable-avdl-a01\",\"name\":\"v\u00e9lo \u00e9lectrique pliable AVDL A01 - Promo Electro France\",\"isPartOf\":{\"@id\":\"https:\\\/\\\/promoelectrofrance.com\\\/#website\"},\"primaryImageOfPage\":{\"@id\":\"https:\\\/\\\/promoelectrofrance.com\\\/?product=velo-electrique-pliable-avdl-a01#primaryimage\"},\"image\":{\"@id\":\"https:\\\/\\\/promoelectrofrance.com\\\/?product=velo-electrique-pliable-avdl-a01#primaryimage\"},\"thumbnailUrl\":\"https:\\\/\\\/promoelectrofrance.com\\\/wp-content\\\/uploads\\\/2026\\\/04\\\/A01-490175-1.jpeg\",\"datePublished\":\"2026-04-16T21:44:04+00:00\",\"dateModified\":\"2026-04-16T21:48:11+00:00\",\"breadcrumb\":{\"@id\":\"https:\\\/\\\/promoelectrofrance.com\\\/?product=velo-electrique-pliable-avdl-a01#breadcrumb\"},\"inLanguage\":\"fr-FR\",\"potentialAction\":[{\"@type\":\"ReadAction\",\"target\":[\"https:\\\/\\\/promoelectrofrance.com\\\/?product=velo-electrique-pliable-avdl-a01\"]}]},{\"@type\":\"ImageObject\",\"inLanguage\":\"fr-FR\",\"@id\":\"https:\\\/\\\/promoelectrofrance.com\\\/?product=velo-electrique-pliable-avdl-a01#primaryimage\",\"url\":\"https:\\\/\\\/promoelectrofrance.com\\\/wp-content\\\/uploads\\\/2026\\\/04\\\/A01-490175-1.jpeg\",\"contentUrl\":\"https:\\\/\\\/promoelectrofrance.com\\\/wp-content\\\/uploads\\\/2026\\\/04\\\/A01-490175-1.jpeg\",\"width\":823,\"height\":823},{\"@type\":\"BreadcrumbList\",\"@id\":\"https:\\\/\\\/promoelectrofrance.com\\\/?product=velo-electrique-pliable-avdl-a01#breadcrumb\",\"itemListElement\":[{\"@type\":\"ListItem\",\"position\":1,\"name\":\"Accueil\",\"item\":\"https:\\\/\\\/promoelectrofrance.com\\\/\"},{\"@type\":\"ListItem\",\"position\":2,\"name\":\"Boutique\",\"item\":\"https:\\\/\\\/promoelectrofrance.com\\\/?page_id=8\"},{\"@type\":\"ListItem\",\"position\":3,\"name\":\"v\u00e9lo \u00e9lectrique pliable AVDL A01\"}]},{\"@type\":\"WebSite\",\"@id\":\"https:\\\/\\\/promoelectrofrance.com\\\/#website\",\"url\":\"https:\\\/\\\/promoelectrofrance.com\\\/\",\"name\":\"Promo Electro France\",\"description\":\"\",\"potentialAction\":[{\"@type\":\"SearchAction\",\"target\":{\"@type\":\"EntryPoint\",\"urlTemplate\":\"https:\\\/\\\/promoelectrofrance.com\\\/?s={search_term_string}\"},\"query-input\":{\"@type\":\"PropertyValueSpecification\",\"valueRequired\":true,\"valueName\":\"search_term_string\"}}],\"inLanguage\":\"fr-FR\"}]}<\/script>\n<!-- \/ Yoast SEO plugin. -->","yoast_head_json":{"title":"v\u00e9lo \u00e9lectrique pliable AVDL A01 - Promo Electro France","robots":{"index":"index","follow":"follow","max-snippet":"max-snippet:-1","max-image-preview":"max-image-preview:large","max-video-preview":"max-video-preview:-1"},"canonical":"https:\/\/promoelectrofrance.com\/?product=velo-electrique-pliable-avdl-a01","og_locale":"fr_FR","og_type":"article","og_title":"v\u00e9lo \u00e9lectrique pliable AVDL A01 - Promo Electro France","og_description":"\u26a1 Moteur 250W (500W cr\u00eate) \u2013 Jusqu\u2019\u00e0 32 km\/h d\u00e9brid\u00e9, id\u00e9al en ville.  \ud83d\uded1 Freins hydrauliques \u2013 S\u00e9curit\u00e9 et contr\u00f4le optimal.  \u2705 Certifications compl\u00e8tes \u2013 EN15194, CE, ROHS, UL2849.  \ud83d\udd0b Batterie 36V 6,4Ah amovible \u2013 20-30 km d\u2019autonomie assist\u00e9e.","og_url":"https:\/\/promoelectrofrance.com\/?product=velo-electrique-pliable-avdl-a01","og_site_name":"Promo Electro France","article_modified_time":"2026-04-16T21:48:11+00:00","twitter_card":"summary_large_image","twitter_misc":{"Dur\u00e9e de lecture estim\u00e9e":"2 minutes"},"schema":{"@context":"https:\/\/schema.org","@graph":[{"@type":"WebPage","@id":"https:\/\/promoelectrofrance.com\/?product=velo-electrique-pliable-avdl-a01","url":"https:\/\/promoelectrofrance.com\/?product=velo-electrique-pliable-avdl-a01","name":"v\u00e9lo \u00e9lectrique pliable AVDL A01 - Promo Electro France","isPartOf":{"@id":"https:\/\/promoelectrofrance.com\/#website"},"primaryImageOfPage":{"@id":"https:\/\/promoelectrofrance.com\/?product=velo-electrique-pliable-avdl-a01#primaryimage"},"image":{"@id":"https:\/\/promoelectrofrance.com\/?product=velo-electrique-pliable-avdl-a01#primaryimage"},"thumbnailUrl":"https:\/\/promoelectrofrance.com\/wp-content\/uploads\/2026\/04\/A01-490175-1.jpeg","datePublished":"2026-04-16T21:44:04+00:00","dateModified":"2026-04-16T21:48:11+00:00","breadcrumb":{"@id":"https:\/\/promoelectrofrance.com\/?product=velo-electrique-pliable-avdl-a01#breadcrumb"},"inLanguage":"fr-FR","potentialAction":[{"@type":"ReadAction","target":["https:\/\/promoelectrofrance.com\/?product=velo-electrique-pliable-avdl-a01"]}]},{"@type":"ImageObject","inLanguage":"fr-FR","@id":"https:\/\/promoelectrofrance.com\/?product=velo-electrique-pliable-avdl-a01#primaryimage","url":"https:\/\/promoelectrofrance.com\/wp-content\/uploads\/2026\/04\/A01-490175-1.jpeg","contentUrl":"https:\/\/promoelectrofrance.com\/wp-content\/uploads\/2026\/04\/A01-490175-1.jpeg","width":823,"height":823},{"@type":"BreadcrumbList","@id":"https:\/\/promoelectrofrance.com\/?product=velo-electrique-pliable-avdl-a01#breadcrumb","itemListElement":[{"@type":"ListItem","position":1,"name":"Accueil","item":"https:\/\/promoelectrofrance.com\/"},{"@type":"ListItem","position":2,"name":"Boutique","item":"https:\/\/promoelectrofrance.com\/?page_id=8"},{"@type":"ListItem","position":3,"name":"v\u00e9lo \u00e9lectrique pliable AVDL A01"}]},{"@type":"WebSite","@id":"https:\/\/promoelectrofrance.com\/#website","url":"https:\/\/promoelectrofrance.com\/","name":"Promo Electro France","description":"","potentialAction":[{"@type":"SearchAction","target":{"@type":"EntryPoint","urlTemplate":"https:\/\/promoelectrofrance.com\/?s={search_term_string}"},"query-input":{"@type":"PropertyValueSpecification","valueRequired":true,"valueName":"search_term_string"}}],"inLanguage":"fr-FR"}]}},"_links":{"self":[{"href":"https:\/\/promoelectrofrance.com\/index.php?rest_route=\/wp\/v2\/product\/21588","targetHints":{"allow":["GET"]}}],"collection":[{"href":"https:\/\/promoelectrofrance.com\/index.php?rest_route=\/wp\/v2\/product"}],"about":[{"href":"https:\/\/promoelectrofrance.com\/index.php?rest_route=\/wp\/v2\/types\/product"}],"replies":[{"embeddable":true,"href":"https:\/\/promoelectrofrance.com\/index.php?rest_route=%2Fwp%2Fv2%2Fcomments&post=21588"}],"version-history":[{"count":0,"href":"https:\/\/promoelectrofrance.com\/index.php?rest_route=\/wp\/v2\/product\/21588\/revisions"}],"wp:featuredmedia":[{"embeddable":true,"href":"https:\/\/promoelectrofrance.com\/index.php?rest_route=\/wp\/v2\/media\/21659"}],"wp:attachment":[{"href":"https:\/\/promoelectrofrance.com\/index.php?rest_route=%2Fwp%2Fv2%2Fmedia&parent=21588"}],"wp:term":[{"taxonomy":"product_brand","embeddable":true,"href":"https:\/\/promoelectrofrance.com\/index.php?rest_route=%2Fwp%2Fv2%2Fproduct_brand&post=21588"},{"taxonomy":"product_cat","embeddable":true,"href":"https:\/\/promoelectrofrance.com\/index.php?rest_route=%2Fwp%2Fv2%2Fproduct_cat&post=21588"},{"taxonomy":"product_tag","embeddable":true,"href":"https:\/\/promoelectrofrance.com\/index.php?rest_route=%2Fwp%2Fv2%2Fproduct_tag&post=21588"}],"curies":[{"name":"wp","href":"https:\/\/api.w.org\/{rel}","templated":true}]}}